{"id":7328,"date":"2018-11-29T22:23:46","date_gmt":"2018-11-29T20:23:46","guid":{"rendered":"https:\/\/hortsvilaseca.cat\/inici\/"},"modified":"2024-03-28T03:11:13","modified_gmt":"2024-03-28T01:11:13","slug":"inicio","status":"publish","type":"page","link":"https:\/\/hortsvilaseca.cat\/es\/","title":{"rendered":"Inicio"},"content":{"rendered":"<div id=\"pl-7328\"  class=\"panel-layout\" ><div id=\"pg-7328-0\"  class=\"panel-grid panel-no-style\" ><div id=\"pgc-7328-0-0\"  class=\"panel-grid-cell\" ><div id=\"panel-7328-0-0-0\" class=\"so-panel widget widget_black-studio-tinymce widget_black_studio_tinymce panel-first-child panel-last-child\" data-index=\"0\" ><h3 class=\"widget-title\"><span class=\"light\">Lo<\/span> esencial de la tierra<\/h3><div class=\"textwidget\"><p>Hay una manera de ser de pueblo como hay una manera de ser de ciudad. En la ciudad las cosas cambian de prisa; los altos edificios, las luces y los autom\u00f3viles que no cesan, esconden como pueden el apresuramiento atontado de la multitud, los gozos -si los hay- y las penas, si te paras a pensar. Lo que propongo es el pueblo sumiso mezcl\u00e1ndose cada vez m\u00e1s con el color de la tierra que puede ser tuya. Un huerto como escenario delimitado de tu sociabilidad natural, para abandonarte en sus cultivos sin m\u00e1s alimento que las estrellas como gu\u00eda en su &lt;&lt;quaternitas perfecta&gt;&gt;, es decir, sus cuatro elementos: la propia tierra siendo el despertar de la dimensi\u00f3n moral del hombre con sus manos; el agua, para so\u00f1ar dando vida en su dimensi\u00f3n psicol\u00f3gica, el sol en su quietud que no quietismo como dimensi\u00f3n \u00f3ntica, y el aire con su sonoro silencio como dimensi\u00f3n espiritual del clima fundi\u00e9ndose con el propio, para batallar juntos en la implacable guerra de la supervivencia del alimento natural, sin otro ropaje que los cuidados de una porci\u00f3n de tierra que ayuden a recuperar el primitivo contacto con la naturaleza, constatando a diario una realidad presente labrada con las propias manos en beneficio de un equilibrio de la esencia del hombre y la naturaleza, y a su vez, econ\u00f3mico, que redunde en innumerables ventajas para ambos. Siempre he pensado que el mundo no puede estallar en trozos mientras que los hombres libres vean los arco iris, noten la lluvia en sus rostros y oigan la risa de los ni\u00f1os.<\/p>\n<p>&nbsp;<\/p>\n<h4>Joan Maria Rovira Pujals<\/h4>\n<\/div><\/div><\/div><\/div><div id=\"pg-7328-1\"  class=\"panel-grid panel-has-style\" ><div class=\"siteorigin-panels-stretch panel-row-style panel-row-style-for-7328-1\" data-stretch-type=\"full\" ><div id=\"pgc-7328-1-0\"  class=\"panel-grid-cell\" ><div id=\"panel-7328-1-0-0\" class=\"so-panel widget widget_qt_cta_banner widget-cta-banner panel-first-child panel-last-child\" data-index=\"1\" >\n\t\t\t<div class=\"cta-banner cta-block with-subtitle\">\n\t\t\t\t<div class=\"cta-banner-text\">\n\t\t\t\t\t<div class=\"cta-banner-title\" style=\"color: #ffffff;\">Pr\u00f3ximamente tendremos los huertos listos! <br> Suscr\u00edbete y s\u00e9 el primero en reservar tu huerto!<\/div>\n\t\t\t\t\t\t\t\t\t\t\t<div class=\"cta-banner-subtitle\" style=\"color: #ffffff;\"><div class=\"tnp tnp-subscription \">\n<form method=\"post\" action=\"https:\/\/hortsvilaseca.cat\/es\/?na=s\">\n<input type=\"hidden\" name=\"nlang\" value=\"es\">\n<div class=\"tnp-field tnp-field-email\"><label for=\"tnp-1\">Correo electr\u00f3nico<\/label>\n<input class=\"tnp-email\" type=\"email\" name=\"ne\" id=\"tnp-1\" value=\"\" placeholder=\"\" required><\/div>\n<div class=\"tnp-field tnp-privacy-field\"><label><input type=\"checkbox\" name=\"ny\" required class=\"tnp-privacy\"> Acepto la pol\u00edtica de privacidad<\/label><\/div><div class=\"tnp-field tnp-field-button\" style=\"text-align: left\"><input class=\"tnp-submit\" type=\"submit\" value=\"Suscribirme\" style=\"\">\n<\/div>\n<\/form>\n<\/div>\n<\/div>\n\t\t\t\t\t\t\t\t\t<\/div>\n\t\t\t\t<div class=\"cta-banner-buttons\">\n\t\t\t\t\t\t\t\t\t<\/div>\n\t\t\t\t<div class=\"clearfix\"><\/div>\n\t\t\t<\/div>\n\n\t\t\t<\/div><\/div><\/div><\/div><div id=\"pg-7328-2\"  class=\"panel-grid panel-no-style\" ><div id=\"pgc-7328-2-0\"  class=\"panel-grid-cell\" ><div id=\"panel-7328-2-0-0\" class=\"so-panel widget widget_black-studio-tinymce widget_black_studio_tinymce panel-first-child panel-last-child\" data-index=\"2\" ><h3 class=\"widget-title\"><span class=\"light\">Alquilar<\/span> tu parcela te aporta m\u00faltiples ventajas<\/h3><div class=\"textwidget\"><ul>\n<li>Est\u00e1s al aire libre y en contacto con la naturaleza<\/li>\n<li>Aprendes el arte de la horticultura<\/li>\n<li>Si vienes con tus hijos foment\u00e1is vuestras relaciones y aprenden el respeto por la naturaleza, experimentando la satisfacci\u00f3n de tener responsabilidad sobre su propio huerto<\/li>\n<li>Ahorras en la cesta de la compra<\/li>\n<li>Produces verduras y hortalizas suficientes para regalar a tu familia y amigos<\/li>\n<li>Puedes comer verduras 100% ecol\u00f3gicas, sin pesticidas ni productos qu\u00edmicos<\/li>\n<li>Participas en un modelo de agricultura sostenible<\/li>\n<li>Cultivas tu paciencia, constancia, responsabilidad y esfuerzo<\/li>\n<li>Obtienes la satisfacci\u00f3n de cultivar tus propias hortalizas y ver la evoluci\u00f3n de su crecimiento<\/li>\n<li>Reduces tu nivel de estr\u00e9s<\/li>\n<li>Sales de tu ambiente de trabajo habitual<\/li>\n<\/ul>\n<\/div><\/div><\/div><\/div><div id=\"pg-7328-3\"  class=\"panel-grid panel-has-style\" ><div class=\"siteorigin-panels-stretch panel-row-style panel-row-style-for-7328-3\" data-stretch-type=\"full-width-stretch\" ><div id=\"pgc-7328-3-0\"  class=\"panel-grid-cell\" ><div id=\"panel-7328-3-0-0\" class=\"so-panel widget widget_qt_google_map widget-google-map panel-first-child panel-last-child\" data-index=\"3\" >\t\t\t\t<div \n\t\t\t\t\tclass=\"qt-map\"\n\t\t\t\t\tdata-lat=\"41.096847\"\n\t\t\t\t\tdata-lng=\"1.148117\"\n\t\t\t\t\t\t\t\t\t\t\tdata-title=\"&lt;strong&gt;Localitzaci\u00f3&lt;\/strong&gt;&lt;br&gt;&lt;em&gt;Cam\u00ed del Terrer, s\/n, km 0.6, 43480 Vila-seca, Tarragona&lt;\/em&gt;\"\n\t\t\t\t\t\t\t\t\t\tdata-zoom=\"12\"\n\t\t\t\t\tdata-type=\"roadmap\"\n\t\t\t\t\tdata-style=\"[]\"\n\t\t\t\t\t\t\t\t\t\tdata-dragmobile=\"0\"\n\t\t\t\t\tstyle=\"height: 400px;\"\n\t\t\t\t><\/div>\n\t\t\t\n\t\t\t<\/div><\/div><\/div><\/div><\/div>","protected":false},"excerpt":{"rendered":"<p>Hay una manera de ser de pueblo como hay una manera de ser de ciudad. En la ciudad las cosas cambian de prisa; los altos edificios, las luces y los autom\u00f3viles que no cesan, esconden como pueden el apresuramiento atontado de la multitud, los gozos -si los hay- y las penas, si te paras a [&hellip;]<\/p>\n","protected":false},"author":1,"featured_media":0,"parent":0,"menu_order":0,"comment_status":"closed","ping_status":"closed","template":"template-front-fullslider.php","meta":{"footnotes":""},"yoast_head":"<!-- This site is optimized with the Yoast SEO plugin v22.3 - https:\/\/yoast.com\/wordpress\/plugins\/seo\/ -->\n<title>Inicio - Horts Vila-seca | Horts de lloguer<\/title>\n<meta name=\"description\" content=\"Huertos de alquiler de 30 y 60 metros cuadrados para plantar tus verduras y hortalizas. Instalaci\u00f3n de riego, herramientas, asesoramiento y otros servicios para el cuidado de tu huerto. Disfruta de la naturaleza y consume alimentos sanos cultivados por ti mismo.\" \/>\n<meta name=\"robots\" content=\"index, follow, max-snippet:-1, max-image-preview:large, max-video-preview:-1\" \/>\n<link rel=\"canonical\" href=\"https:\/\/hortsvilaseca.cat\/es\/\" \/>\n<meta property=\"og:locale\" content=\"es_ES\" \/>\n<meta property=\"og:type\" content=\"article\" \/>\n<meta property=\"og:title\" content=\"Inicio - Horts Vila-seca | Horts de lloguer\" \/>\n<meta property=\"og:description\" content=\"Huertos de alquiler de 30 y 60 metros cuadrados para plantar tus verduras y hortalizas. Instalaci\u00f3n de riego, herramientas, asesoramiento y otros servicios para el cuidado de tu huerto. Disfruta de la naturaleza y consume alimentos sanos cultivados por ti mismo.\" \/>\n<meta property=\"og:url\" content=\"https:\/\/hortsvilaseca.cat\/es\/\" \/>\n<meta property=\"og:site_name\" content=\"Horts Vila-seca | Horts de lloguer\" \/>\n<meta property=\"article:modified_time\" content=\"2024-03-28T01:11:13+00:00\" \/>\n<meta property=\"og:image\" content=\"https:\/\/hortsvilaseca.cat\/wp-content\/uploads\/2019\/01\/20190107_104409v2-e1548607449941.jpg\" \/>\n\t<meta property=\"og:image:width\" content=\"4128\" \/>\n\t<meta property=\"og:image:height\" content=\"1568\" \/>\n\t<meta property=\"og:image:type\" content=\"image\/jpeg\" \/>\n<meta name=\"twitter:card\" content=\"summary_large_image\" \/>\n<meta name=\"twitter:image\" content=\"https:\/\/hortsvilaseca.cat\/wp-content\/uploads\/2019\/01\/20190107_104409v2-e1548607449941.jpg\" \/>\n<meta name=\"twitter:label1\" content=\"Tiempo de lectura\" \/>\n\t<meta name=\"twitter:data1\" content=\"3 minutos\" \/>\n<script type=\"application\/ld+json\" class=\"yoast-schema-graph\">{\"@context\":\"https:\/\/schema.org\",\"@graph\":[{\"@type\":\"WebPage\",\"@id\":\"https:\/\/hortsvilaseca.cat\/es\/\",\"url\":\"https:\/\/hortsvilaseca.cat\/es\/\",\"name\":\"Inicio - Horts Vila-seca | Horts de lloguer\",\"isPartOf\":{\"@id\":\"https:\/\/hortsvilaseca.cat\/ca\/#website\"},\"datePublished\":\"2018-11-29T20:23:46+00:00\",\"dateModified\":\"2024-03-28T01:11:13+00:00\",\"description\":\"Huertos de alquiler de 30 y 60 metros cuadrados para plantar tus verduras y hortalizas. Instalaci\u00f3n de riego, herramientas, asesoramiento y otros servicios para el cuidado de tu huerto. Disfruta de la naturaleza y consume alimentos sanos cultivados por ti mismo.\",\"breadcrumb\":{\"@id\":\"https:\/\/hortsvilaseca.cat\/es\/#breadcrumb\"},\"inLanguage\":\"es\",\"potentialAction\":[{\"@type\":\"ReadAction\",\"target\":[\"https:\/\/hortsvilaseca.cat\/es\/\"]}]},{\"@type\":\"BreadcrumbList\",\"@id\":\"https:\/\/hortsvilaseca.cat\/es\/#breadcrumb\",\"itemListElement\":[{\"@type\":\"ListItem\",\"position\":1,\"name\":\"Inici\",\"item\":\"https:\/\/hortsvilaseca.cat\/es\/\"},{\"@type\":\"ListItem\",\"position\":2,\"name\":\"Inicio\"}]},{\"@type\":\"WebSite\",\"@id\":\"https:\/\/hortsvilaseca.cat\/ca\/#website\",\"url\":\"https:\/\/hortsvilaseca.cat\/ca\/\",\"name\":\"Horts Vila-seca | Horts de lloguer\",\"description\":\"\",\"publisher\":{\"@id\":\"https:\/\/hortsvilaseca.cat\/ca\/#organization\"},\"potentialAction\":[{\"@type\":\"SearchAction\",\"target\":{\"@type\":\"EntryPoint\",\"urlTemplate\":\"https:\/\/hortsvilaseca.cat\/ca\/?s={search_term_string}\"},\"query-input\":\"required name=search_term_string\"}],\"inLanguage\":\"es\"},{\"@type\":\"Organization\",\"@id\":\"https:\/\/hortsvilaseca.cat\/ca\/#organization\",\"name\":\"Horts Vila-seca\",\"url\":\"https:\/\/hortsvilaseca.cat\/ca\/\",\"logo\":{\"@type\":\"ImageObject\",\"inLanguage\":\"es\",\"@id\":\"https:\/\/hortsvilaseca.cat\/ca\/#\/schema\/logo\/image\/\",\"url\":\"https:\/\/hortsvilaseca.cat\/wp-content\/uploads\/2018\/10\/Webp.net-resizeimage.png\",\"contentUrl\":\"https:\/\/hortsvilaseca.cat\/wp-content\/uploads\/2018\/10\/Webp.net-resizeimage.png\",\"width\":418,\"height\":90,\"caption\":\"Horts Vila-seca\"},\"image\":{\"@id\":\"https:\/\/hortsvilaseca.cat\/ca\/#\/schema\/logo\/image\/\"},\"sameAs\":[\"https:\/\/www.instagram.com\/hortsvilaseca\/\"]}]}<\/script>\n<!-- \/ Yoast SEO plugin. -->","yoast_head_json":{"title":"Inicio - Horts Vila-seca | Horts de lloguer","description":"Huertos de alquiler de 30 y 60 metros cuadrados para plantar tus verduras y hortalizas. Instalaci\u00f3n de riego, herramientas, asesoramiento y otros servicios para el cuidado de tu huerto. Disfruta de la naturaleza y consume alimentos sanos cultivados por ti mismo.","robots":{"index":"index","follow":"follow","max-snippet":"max-snippet:-1","max-image-preview":"max-image-preview:large","max-video-preview":"max-video-preview:-1"},"canonical":"https:\/\/hortsvilaseca.cat\/es\/","og_locale":"es_ES","og_type":"article","og_title":"Inicio - Horts Vila-seca | Horts de lloguer","og_description":"Huertos de alquiler de 30 y 60 metros cuadrados para plantar tus verduras y hortalizas. Instalaci\u00f3n de riego, herramientas, asesoramiento y otros servicios para el cuidado de tu huerto. Disfruta de la naturaleza y consume alimentos sanos cultivados por ti mismo.","og_url":"https:\/\/hortsvilaseca.cat\/es\/","og_site_name":"Horts Vila-seca | Horts de lloguer","article_modified_time":"2024-03-28T01:11:13+00:00","og_image":[{"width":4128,"height":1568,"url":"https:\/\/hortsvilaseca.cat\/wp-content\/uploads\/2019\/01\/20190107_104409v2-e1548607449941.jpg","type":"image\/jpeg"}],"twitter_card":"summary_large_image","twitter_image":"https:\/\/hortsvilaseca.cat\/wp-content\/uploads\/2019\/01\/20190107_104409v2-e1548607449941.jpg","twitter_misc":{"Tiempo de lectura":"3 minutos"},"schema":{"@context":"https:\/\/schema.org","@graph":[{"@type":"WebPage","@id":"https:\/\/hortsvilaseca.cat\/es\/","url":"https:\/\/hortsvilaseca.cat\/es\/","name":"Inicio - Horts Vila-seca | Horts de lloguer","isPartOf":{"@id":"https:\/\/hortsvilaseca.cat\/ca\/#website"},"datePublished":"2018-11-29T20:23:46+00:00","dateModified":"2024-03-28T01:11:13+00:00","description":"Huertos de alquiler de 30 y 60 metros cuadrados para plantar tus verduras y hortalizas. Instalaci\u00f3n de riego, herramientas, asesoramiento y otros servicios para el cuidado de tu huerto. Disfruta de la naturaleza y consume alimentos sanos cultivados por ti mismo.","breadcrumb":{"@id":"https:\/\/hortsvilaseca.cat\/es\/#breadcrumb"},"inLanguage":"es","potentialAction":[{"@type":"ReadAction","target":["https:\/\/hortsvilaseca.cat\/es\/"]}]},{"@type":"BreadcrumbList","@id":"https:\/\/hortsvilaseca.cat\/es\/#breadcrumb","itemListElement":[{"@type":"ListItem","position":1,"name":"Inici","item":"https:\/\/hortsvilaseca.cat\/es\/"},{"@type":"ListItem","position":2,"name":"Inicio"}]},{"@type":"WebSite","@id":"https:\/\/hortsvilaseca.cat\/ca\/#website","url":"https:\/\/hortsvilaseca.cat\/ca\/","name":"Horts Vila-seca | Horts de lloguer","description":"","publisher":{"@id":"https:\/\/hortsvilaseca.cat\/ca\/#organization"},"potentialAction":[{"@type":"SearchAction","target":{"@type":"EntryPoint","urlTemplate":"https:\/\/hortsvilaseca.cat\/ca\/?s={search_term_string}"},"query-input":"required name=search_term_string"}],"inLanguage":"es"},{"@type":"Organization","@id":"https:\/\/hortsvilaseca.cat\/ca\/#organization","name":"Horts Vila-seca","url":"https:\/\/hortsvilaseca.cat\/ca\/","logo":{"@type":"ImageObject","inLanguage":"es","@id":"https:\/\/hortsvilaseca.cat\/ca\/#\/schema\/logo\/image\/","url":"https:\/\/hortsvilaseca.cat\/wp-content\/uploads\/2018\/10\/Webp.net-resizeimage.png","contentUrl":"https:\/\/hortsvilaseca.cat\/wp-content\/uploads\/2018\/10\/Webp.net-resizeimage.png","width":418,"height":90,"caption":"Horts Vila-seca"},"image":{"@id":"https:\/\/hortsvilaseca.cat\/ca\/#\/schema\/logo\/image\/"},"sameAs":["https:\/\/www.instagram.com\/hortsvilaseca\/"]}]}},"_links":{"self":[{"href":"https:\/\/hortsvilaseca.cat\/es\/wp-json\/wp\/v2\/pages\/7328\/"}],"collection":[{"href":"https:\/\/hortsvilaseca.cat\/es\/wp-json\/wp\/v2\/pages\/"}],"about":[{"href":"https:\/\/hortsvilaseca.cat\/es\/wp-json\/wp\/v2\/types\/page\/"}],"author":[{"embeddable":true,"href":"https:\/\/hortsvilaseca.cat\/es\/wp-json\/wp\/v2\/users\/1\/"}],"replies":[{"embeddable":true,"href":"https:\/\/hortsvilaseca.cat\/es\/wp-json\/wp\/v2\/comments\/?post=7328"}],"version-history":[{"count":46,"href":"https:\/\/hortsvilaseca.cat\/es\/wp-json\/wp\/v2\/pages\/7328\/revisions\/"}],"predecessor-version":[{"id":10952,"href":"https:\/\/hortsvilaseca.cat\/es\/wp-json\/wp\/v2\/pages\/7328\/revisions\/10952\/"}],"wp:attachment":[{"href":"https:\/\/hortsvilaseca.cat\/es\/wp-json\/wp\/v2\/media\/?parent=7328"}],"curies":[{"name":"wp","href":"https:\/\/api.w.org\/{rel}","templated":true}]}}